{"id":6226,"date":"2025-12-05T13:33:32","date_gmt":"2025-12-05T11:33:32","guid":{"rendered":"https:\/\/investors.orthexgroup.com\/?page_id=6226"},"modified":"2026-04-21T10:09:51","modified_gmt":"2026-04-21T07:09:51","slug":"yk2026","status":"publish","type":"page","link":"https:\/\/investors.orthexgroup.com\/fi\/hallinnointi\/yhtiokokous\/yk2026\/","title":{"rendered":"Varsinainen yhti\u00f6kokous 2026"},"content":{"rendered":"\n<p>Orthex Oyj:n varsinainen yhti\u00f6kokous pidettiin tiistaina 14.4.2026 Orthex Oyj:n p\u00e4\u00e4konttorissa Espoossa. Yhti\u00f6n osakkeenomistajat osallistuivat kokoukseen paikan p\u00e4\u00e4ll\u00e4 tai \u00e4\u00e4nest\u00e4m\u00e4ll\u00e4 ennakkoon. Kokouksessa oli l\u00e4sn\u00e4 tai edustettuna 37 osakkeenomistajaa ja 64,7 % kaikista yhti\u00f6n osakkeista ja \u00e4\u00e4nist\u00e4. Yhti\u00f6kokous hyv\u00e4ksyi kaikki yhti\u00f6kokoukselle tehdyt ehdotukset. <\/p>\n\n\n<div class=\"custom-block image-and-text has-link\">\n   <div class=\"text\">\n        <h2 class=\"title\">Varsinaisen yhti\u00f6kokouksen 2026 p\u00e4\u00e4t\u00f6kset<\/h2><div class=\"content\"><p>Yhti\u00f6kokous vahvisti yhti\u00f6n tilinp\u00e4\u00e4t\u00f6ksen sek\u00e4 my\u00f6nsi vastuuvapauden hallituksen j\u00e4senille ja toimitusjohtajalle tilikaudelta 2025. Hallituksen ehdotuksen mukaisesti yhti\u00f6kokous p\u00e4\u00e4tti, ett\u00e4 31.12.2025 p\u00e4\u00e4ttyneelt\u00e4 tilikaudelta maksetaan osinkoa 0,23 euroa osakkeelta.<\/p>\n<\/div>            <div class=\"link-wrap\">\n                <a href=\"https:\/\/investors.orthexgroup.com\/fi\/media\/?release=8CF17B5F1E7ACAEC&#038;category=all\" class=\"button link\" >Lue lis\u00e4\u00e4<\/a>            <\/div>\n            <\/div>\n    \n    <img decoding=\"async\" src=\"https:\/\/investors.orthexgroup.com\/wp-content\/uploads\/2026\/04\/yhtiokokous-paatokset-2-240x300.jpg\" width=\"240\" height=\"300\" class=\"image\" alt=\"\" loading=\"lazy\"><\/div>\n\n\n<div class=\"custom-block image-and-text has-link\">\n   <div class=\"text\">\n        <h2 class=\"title\">Kutsu Orthex Oyj:n varsinaiseen yhti\u00f6kokoukseen 2026<\/h2><div class=\"content\"><p>Hallitus ehdottaa 0,23 euron osakekohtaista osinkoa. Hallituksen muut ehdotukset k\u00e4yv\u00e4t ilmi kokouskutsusta.<\/p>\n<\/div>            <div class=\"link-wrap\">\n                <a href=\"https:\/\/investors.orthexgroup.com\/fi\/media\/?release=C7B1085B0807C3B3&#038;category=all\" class=\"button link\" >Lue Lis\u00e4\u00e4<\/a>            <\/div>\n            <\/div>\n    \n    <img decoding=\"async\" src=\"https:\/\/investors.orthexgroup.com\/wp-content\/uploads\/2026\/03\/yhtiokokous-kutsu-240x300.jpg\" width=\"240\" height=\"300\" class=\"image\" alt=\"\" loading=\"lazy\"><\/div>\n\n\n<div class=\"custom-block image-and-text has-link\">\n   <div class=\"text\">\n        <h2 class=\"title\">Vuosi- ja vastuullisuusraportti 2025<\/h2><div class=\"content\"><p>Orthexin vuosi- ja vastuullisuusraportti sis\u00e4lt\u00e4\u00e4 toimintakertomuksen, tilinp\u00e4\u00e4t\u00f6ksen, tilintarkastuskertomuksen ja palkitsemisraportin vuodelta 2025. Raportti sis\u00e4lt\u00e4\u00e4 my\u00f6s vuosikatsauksen, vastuullisuusraportin ja selvityksen hallinto- ja ohjausj\u00e4rjestelm\u00e4st\u00e4.<\/p>\n<\/div>            <div class=\"link-wrap\">\n                <a href=\"https:\/\/investors.orthexgroup.com\/wp-content\/uploads\/2026\/03\/Orthex_Vuosi-_ja_vastuullisuusraportti_2025.pdf \" class=\"button link\" >Lue lis\u00e4\u00e4<\/a>            <\/div>\n            <\/div>\n    \n    <img decoding=\"async\" src=\"https:\/\/investors.orthexgroup.com\/wp-content\/uploads\/2026\/03\/FI_Orthex_AR_thumb_2025-240x300.jpg\" width=\"240\" height=\"300\" class=\"image\" alt=\"\" loading=\"lazy\"><\/div>\n\n\n\n<h2 class=\"wp-block-heading\"><strong>T\u00e4rkeit\u00e4 p\u00e4iv\u00e4m\u00e4\u00e4ri\u00e4<\/strong><\/h2>\n\n\n\n<figure class=\"wp-block-table is-style-blue-table\"><table><thead><tr><th>P\u00e4iv\u00e4m\u00e4\u00e4r\u00e4<\/th><th>Tapahtuma<\/th><\/tr><\/thead><tbody><tr><td>17.3.2026<\/td><td>Yhti\u00f6kokouskutsun julkaisu<\/td><\/tr><tr><td><strong>17.3.2026 klo 12.00<\/strong><\/td><td><strong>Ilmoittautuminen ja ennakko\u00e4\u00e4nestys alkavat<\/strong><\/td><\/tr><tr><td>31.3.2026<\/td><td>Yhti\u00f6kokouksen t\u00e4sm\u00e4ytysp\u00e4iv\u00e4<\/td><\/tr><tr><td><strong>8.4.2026 klo 10.00<\/strong><\/td><td><strong>Ilmoittautuminen ja ennakko\u00e4\u00e4nestys p\u00e4\u00e4ttyv\u00e4t <\/strong>(suorarekister\u00f6idyt osakkeenomistajat)<\/td><\/tr><tr><td>9.4.2026 klo 10.00<\/td><td>M\u00e4\u00e4r\u00e4aika osakkeenomistajien kirjallisille kysymyksille<\/td><\/tr><tr><td><strong>9.4.2026 klo 10.00<\/strong><\/td><td><strong>Ilmoittautuminen ja ennakko\u00e4\u00e4nestys p\u00e4\u00e4ttyv\u00e4t <\/strong>(hallintarekister\u00f6idyt osakkeenomistajat)<\/td><\/tr><tr><td>13.4.2026<\/td><td>Vastaukset osakkeenomistajien mahdollisiin kysymyksiin n\u00e4ht\u00e4vill\u00e4 t\u00e4ll\u00e4 verkkosivulla<\/td><\/tr><tr><td><strong>14.4.2026<\/strong><\/td><td><strong>Varsinainen yhti\u00f6kokous klo 10.00<\/strong><\/td><\/tr><tr><td>16.4.2026<\/td><td>Osingonmaksun 1. er\u00e4n t\u00e4sm\u00e4ytysp\u00e4iv\u00e4<\/td><\/tr><tr><td><strong>23.4.2026<\/strong><\/td><td><strong>Osingon 1. er\u00e4n (0,12 e\/osake) maksup\u00e4iv\u00e4<\/strong><\/td><\/tr><tr><td>28.4.2026<\/td><td>Yhti\u00f6kokouksen p\u00f6yt\u00e4kirja viimeist\u00e4\u00e4n saatavilla t\u00e4ll\u00e4 internetsivulla<\/td><\/tr><tr><td>1.10.2026<\/td><td>Osingonmaksun 2. er\u00e4n t\u00e4sm\u00e4ytysp\u00e4iv\u00e4<\/td><\/tr><tr><td><strong>8.10.2026<\/strong><\/td><td><strong>Osingon 2. er\u00e4n (0,11 e\/osake) maksup\u00e4iv\u00e4<\/strong><\/td><\/tr><\/tbody><\/table><\/figure>\n\n\n\n<h2 class=\"wp-block-heading\">Kysymyksien esitt\u00e4minen ennakkoon<\/h2>\n\n\n\n<p>Osakkeenomistajilla oli mahdollisuus esitt\u00e4\u00e4 osakeyhti\u00f6lain 5 luvun 25 \u00a7:ss\u00e4 tarkoitettuja kysymyksi\u00e4 kokouksessa k\u00e4sitelt\u00e4vist\u00e4 asioista ennakkoon. Yhti\u00f6n johdon vastaukset esitettyihin kysymyksiin l\u00f6ytyv\u00e4t alla olevasta linkist\u00e4.<\/p>\n\n\n\n<figure class=\"wp-block-table\"><table class=\"has-fixed-layout\"><tbody><tr><td><a href=\"https:\/\/investors.orthexgroup.com\/wp-content\/uploads\/2026\/04\/Orthexyk2026-Vastaukset-osakkeenomistajien-kysymyksiin.pdf\">Vastaukset osakkeenomistajien kysymyksiin<\/a><\/td><\/tr><\/tbody><\/table><\/figure>\n\n\n\n<h2 class=\"wp-block-heading\">YHTI\u00d6KOKOUSASIAKIRJAT<\/h2>\n\n\n\n<figure class=\"wp-block-table\"><table class=\"has-fixed-layout\"><tbody><tr><td><a href=\"https:\/\/investors.orthexgroup.com\/wp-content\/uploads\/2026\/04\/Orthex-Oyj-Poytakirja-Varsinainen-yhtiokokous-14.4.2026.pdf\">Varsinaisen yhti\u00f6kokouksen 2026 p\u00f6yt\u00e4kirja<\/a><\/td><td><\/td><\/tr><tr><td><a href=\"https:\/\/investors.orthexgroup.com\/wp-content\/uploads\/2026\/03\/Orthex-Kutsu-varsinaiseen-yhtiokokoukseen-14.4.2026.pdf\">Yhti\u00f6kokouskutsu (pdf)<\/a><\/td><td><a href=\"https:\/\/investors.orthexgroup.com\/wp-content\/uploads\/2026\/03\/Orthex_Vuosi-_ja_vastuullisuusraportti_2025.pdf\">Vuosi- ja vastuullisuusraportti 2025 (pdf)<\/a><\/td><\/tr><tr><td><a href=\"https:\/\/investors.orthexgroup.com\/wp-content\/uploads\/2026\/03\/Orthex_Palkitsemisraportti_2025.pdf\">Toimielinten palkitsemisraportti 2025 (pdf)<\/a><\/td><td><a href=\"https:\/\/investors.orthexgroup.com\/fi\/media\/?release=2BAD9B0354C8A92E&#038;category=all\">Osakkeenomistajien nimitystoimikunnan ehdotukset varsinaiselle yhti\u00f6kokoukselle 2026<\/a><\/td><\/tr><tr><td><a href=\"https:\/\/investors.orthexgroup.com\/fi\/hallinnointi\/hallitus\/\">Hallituksen j\u00e4senehdokkaat<\/a><\/td><td><a href=\"https:\/\/investors.orthexgroup.com\/wp-content\/uploads\/2022\/03\/Tietosuojaseloste-Yhtiokokouksiin-osallistujat.pdf\">Tietosuojaseloste (pdf)<\/a><\/td><\/tr><\/tbody><\/table><\/figure>\n","protected":false},"excerpt":{"rendered":"<p>Orthex Oyj:n varsinainen yhti\u00f6kokous pidettiin tiistaina 14.4.2026 Orthex Oyj:n p\u00e4\u00e4konttorissa Espoossa. Yhti\u00f6n osakkeenomistajat osallistuivat kokoukseen&hellip;<\/p>\n","protected":false},"author":10,"featured_media":0,"parent":696,"menu_order":0,"comment_status":"closed","ping_status":"closed","template":"","meta":{"_acf_changed":false,"footnotes":""},"class_list":["post-6226","page","type-page","status-publish","hentry"],"acf":[],"yoast_head":"<!-- This site is optimized with the Yoast SEO plugin v27.4 - https:\/\/yoast.com\/product\/yoast-seo-wordpress\/ -->\n<title>Varsinainen yhti\u00f6kokous 2026 - Orthex Group<\/title>\n<meta name=\"robots\" content=\"index, follow, max-snippet:-1, max-image-preview:large, max-video-preview:-1\" \/>\n<link rel=\"canonical\" href=\"https:\/\/investors.orthexgroup.com\/fi\/hallinnointi\/yhtiokokous\/yk2026\/\" \/>\n<meta property=\"og:locale\" content=\"fi_FI\" \/>\n<meta property=\"og:type\" content=\"article\" \/>\n<meta property=\"og:title\" content=\"Varsinainen yhti\u00f6kokous 2026 - Orthex Group\" \/>\n<meta property=\"og:description\" content=\"Orthex Oyj:n varsinainen yhti\u00f6kokous pidettiin tiistaina 14.4.2026 Orthex Oyj:n p\u00e4\u00e4konttorissa Espoossa. Yhti\u00f6n osakkeenomistajat osallistuivat kokoukseen&hellip;\" \/>\n<meta property=\"og:url\" content=\"https:\/\/investors.orthexgroup.com\/fi\/hallinnointi\/yhtiokokous\/yk2026\/\" \/>\n<meta property=\"og:site_name\" content=\"Orthex Group\" \/>\n<meta property=\"article:modified_time\" content=\"2026-04-21T07:09:51+00:00\" \/>\n<meta name=\"twitter:card\" content=\"summary_large_image\" \/>\n<meta name=\"twitter:label1\" content=\"Arvioitu lukuaika\" \/>\n\t<meta name=\"twitter:data1\" content=\"3 minuuttia\" \/>\n<script type=\"application\/ld+json\" class=\"yoast-schema-graph\">{\"@context\":\"https:\\\/\\\/schema.org\",\"@graph\":[{\"@type\":\"WebPage\",\"@id\":\"https:\\\/\\\/investors.orthexgroup.com\\\/fi\\\/hallinnointi\\\/yhtiokokous\\\/yk2026\\\/\",\"url\":\"https:\\\/\\\/investors.orthexgroup.com\\\/fi\\\/hallinnointi\\\/yhtiokokous\\\/yk2026\\\/\",\"name\":\"Varsinainen yhti\u00f6kokous 2026 - Orthex Group\",\"isPartOf\":{\"@id\":\"https:\\\/\\\/investors.orthexgroup.com\\\/fi\\\/#website\"},\"datePublished\":\"2025-12-05T11:33:32+00:00\",\"dateModified\":\"2026-04-21T07:09:51+00:00\",\"breadcrumb\":{\"@id\":\"https:\\\/\\\/investors.orthexgroup.com\\\/fi\\\/hallinnointi\\\/yhtiokokous\\\/yk2026\\\/#breadcrumb\"},\"inLanguage\":\"fi\",\"potentialAction\":[{\"@type\":\"ReadAction\",\"target\":[\"https:\\\/\\\/investors.orthexgroup.com\\\/fi\\\/hallinnointi\\\/yhtiokokous\\\/yk2026\\\/\"]}]},{\"@type\":\"BreadcrumbList\",\"@id\":\"https:\\\/\\\/investors.orthexgroup.com\\\/fi\\\/hallinnointi\\\/yhtiokokous\\\/yk2026\\\/#breadcrumb\",\"itemListElement\":[{\"@type\":\"ListItem\",\"position\":1,\"name\":\"Etusivu\",\"item\":\"https:\\\/\\\/investors.orthexgroup.com\\\/fi\\\/\"},{\"@type\":\"ListItem\",\"position\":2,\"name\":\"Orthexin hallinnointi\",\"item\":\"https:\\\/\\\/investors.orthexgroup.com\\\/fi\\\/hallinnointi\\\/\"},{\"@type\":\"ListItem\",\"position\":3,\"name\":\"Orthex Oyj:n yhti\u00f6kokous\",\"item\":\"https:\\\/\\\/investors.orthexgroup.com\\\/fi\\\/hallinnointi\\\/yhtiokokous\\\/\"},{\"@type\":\"ListItem\",\"position\":4,\"name\":\"Varsinainen yhti\u00f6kokous 2026\"}]},{\"@type\":\"WebSite\",\"@id\":\"https:\\\/\\\/investors.orthexgroup.com\\\/fi\\\/#website\",\"url\":\"https:\\\/\\\/investors.orthexgroup.com\\\/fi\\\/\",\"name\":\"Orthex Group\",\"description\":\"Tietoa Orthex Group Oyn listautumisannista\",\"publisher\":{\"@id\":\"https:\\\/\\\/investors.orthexgroup.com\\\/fi\\\/#organization\"},\"potentialAction\":[{\"@type\":\"SearchAction\",\"target\":{\"@type\":\"EntryPoint\",\"urlTemplate\":\"https:\\\/\\\/investors.orthexgroup.com\\\/fi\\\/?s={search_term_string}\"},\"query-input\":{\"@type\":\"PropertyValueSpecification\",\"valueRequired\":true,\"valueName\":\"search_term_string\"}}],\"inLanguage\":\"fi\"},{\"@type\":\"Organization\",\"@id\":\"https:\\\/\\\/investors.orthexgroup.com\\\/fi\\\/#organization\",\"name\":\"Orthex Group\",\"url\":\"https:\\\/\\\/investors.orthexgroup.com\\\/fi\\\/\",\"logo\":{\"@type\":\"ImageObject\",\"inLanguage\":\"fi\",\"@id\":\"https:\\\/\\\/investors.orthexgroup.com\\\/fi\\\/#\\\/schema\\\/logo\\\/image\\\/\",\"url\":\"https:\\\/\\\/investors.orthexgroup.com\\\/wp-content\\\/uploads\\\/2021\\\/01\\\/orthex-group-logo.svg\",\"contentUrl\":\"https:\\\/\\\/investors.orthexgroup.com\\\/wp-content\\\/uploads\\\/2021\\\/01\\\/orthex-group-logo.svg\",\"width\":129,\"height\":57,\"caption\":\"Orthex Group\"},\"image\":{\"@id\":\"https:\\\/\\\/investors.orthexgroup.com\\\/fi\\\/#\\\/schema\\\/logo\\\/image\\\/\"}}]}<\/script>\n<!-- \/ Yoast SEO plugin. -->","yoast_head_json":{"title":"Varsinainen yhti\u00f6kokous 2026 - Orthex Group","robots":{"index":"index","follow":"follow","max-snippet":"max-snippet:-1","max-image-preview":"max-image-preview:large","max-video-preview":"max-video-preview:-1"},"canonical":"https:\/\/investors.orthexgroup.com\/fi\/hallinnointi\/yhtiokokous\/yk2026\/","og_locale":"fi_FI","og_type":"article","og_title":"Varsinainen yhti\u00f6kokous 2026 - Orthex Group","og_description":"Orthex Oyj:n varsinainen yhti\u00f6kokous pidettiin tiistaina 14.4.2026 Orthex Oyj:n p\u00e4\u00e4konttorissa Espoossa. Yhti\u00f6n osakkeenomistajat osallistuivat kokoukseen&hellip;","og_url":"https:\/\/investors.orthexgroup.com\/fi\/hallinnointi\/yhtiokokous\/yk2026\/","og_site_name":"Orthex Group","article_modified_time":"2026-04-21T07:09:51+00:00","twitter_card":"summary_large_image","twitter_misc":{"Arvioitu lukuaika":"3 minuuttia"},"schema":{"@context":"https:\/\/schema.org","@graph":[{"@type":"WebPage","@id":"https:\/\/investors.orthexgroup.com\/fi\/hallinnointi\/yhtiokokous\/yk2026\/","url":"https:\/\/investors.orthexgroup.com\/fi\/hallinnointi\/yhtiokokous\/yk2026\/","name":"Varsinainen yhti\u00f6kokous 2026 - Orthex Group","isPartOf":{"@id":"https:\/\/investors.orthexgroup.com\/fi\/#website"},"datePublished":"2025-12-05T11:33:32+00:00","dateModified":"2026-04-21T07:09:51+00:00","breadcrumb":{"@id":"https:\/\/investors.orthexgroup.com\/fi\/hallinnointi\/yhtiokokous\/yk2026\/#breadcrumb"},"inLanguage":"fi","potentialAction":[{"@type":"ReadAction","target":["https:\/\/investors.orthexgroup.com\/fi\/hallinnointi\/yhtiokokous\/yk2026\/"]}]},{"@type":"BreadcrumbList","@id":"https:\/\/investors.orthexgroup.com\/fi\/hallinnointi\/yhtiokokous\/yk2026\/#breadcrumb","itemListElement":[{"@type":"ListItem","position":1,"name":"Etusivu","item":"https:\/\/investors.orthexgroup.com\/fi\/"},{"@type":"ListItem","position":2,"name":"Orthexin hallinnointi","item":"https:\/\/investors.orthexgroup.com\/fi\/hallinnointi\/"},{"@type":"ListItem","position":3,"name":"Orthex Oyj:n yhti\u00f6kokous","item":"https:\/\/investors.orthexgroup.com\/fi\/hallinnointi\/yhtiokokous\/"},{"@type":"ListItem","position":4,"name":"Varsinainen yhti\u00f6kokous 2026"}]},{"@type":"WebSite","@id":"https:\/\/investors.orthexgroup.com\/fi\/#website","url":"https:\/\/investors.orthexgroup.com\/fi\/","name":"Orthex Group","description":"Tietoa Orthex Group Oyn listautumisannista","publisher":{"@id":"https:\/\/investors.orthexgroup.com\/fi\/#organization"},"potentialAction":[{"@type":"SearchAction","target":{"@type":"EntryPoint","urlTemplate":"https:\/\/investors.orthexgroup.com\/fi\/?s={search_term_string}"},"query-input":{"@type":"PropertyValueSpecification","valueRequired":true,"valueName":"search_term_string"}}],"inLanguage":"fi"},{"@type":"Organization","@id":"https:\/\/investors.orthexgroup.com\/fi\/#organization","name":"Orthex Group","url":"https:\/\/investors.orthexgroup.com\/fi\/","logo":{"@type":"ImageObject","inLanguage":"fi","@id":"https:\/\/investors.orthexgroup.com\/fi\/#\/schema\/logo\/image\/","url":"https:\/\/investors.orthexgroup.com\/wp-content\/uploads\/2021\/01\/orthex-group-logo.svg","contentUrl":"https:\/\/investors.orthexgroup.com\/wp-content\/uploads\/2021\/01\/orthex-group-logo.svg","width":129,"height":57,"caption":"Orthex Group"},"image":{"@id":"https:\/\/investors.orthexgroup.com\/fi\/#\/schema\/logo\/image\/"}}]}},"_links":{"self":[{"href":"https:\/\/investors.orthexgroup.com\/fi\/wp-json\/wp\/v2\/pages\/6226","targetHints":{"allow":["GET"]}}],"collection":[{"href":"https:\/\/investors.orthexgroup.com\/fi\/wp-json\/wp\/v2\/pages"}],"about":[{"href":"https:\/\/investors.orthexgroup.com\/fi\/wp-json\/wp\/v2\/types\/page"}],"author":[{"embeddable":true,"href":"https:\/\/investors.orthexgroup.com\/fi\/wp-json\/wp\/v2\/users\/10"}],"replies":[{"embeddable":true,"href":"https:\/\/investors.orthexgroup.com\/fi\/wp-json\/wp\/v2\/comments?post=6226"}],"version-history":[{"count":15,"href":"https:\/\/investors.orthexgroup.com\/fi\/wp-json\/wp\/v2\/pages\/6226\/revisions"}],"predecessor-version":[{"id":6592,"href":"https:\/\/investors.orthexgroup.com\/fi\/wp-json\/wp\/v2\/pages\/6226\/revisions\/6592"}],"up":[{"embeddable":true,"href":"https:\/\/investors.orthexgroup.com\/fi\/wp-json\/wp\/v2\/pages\/696"}],"wp:attachment":[{"href":"https:\/\/investors.orthexgroup.com\/fi\/wp-json\/wp\/v2\/media?parent=6226"}],"curies":[{"name":"wp","href":"https:\/\/api.w.org\/{rel}","templated":true}]}}